{"id":265,"date":"2018-09-05T17:29:13","date_gmt":"2018-09-05T20:29:13","guid":{"rendered":"http:\/\/www.febab.org\/cbbu2\/?page_id=265"},"modified":"2019-05-24T08:58:42","modified_gmt":"2019-05-24T11:58:42","slug":"grupo-coopera","status":"publish","type":"page","link":"https:\/\/www.febab.org\/cbbu\/grupo-coopera\/","title":{"rendered":"Grupo COOPERA"},"content":{"rendered":"<p><img fetchpriority=\"high\" decoding=\"async\" class=\"aligncenter wp-image-345\" src=\"http:\/\/www.febab.org\/cbbu2\/wp-content\/uploads\/2018\/09\/coopra.png\" alt=\"\" width=\"537\" height=\"311\" srcset=\"https:\/\/www.febab.org\/cbbu\/wp-content\/uploads\/2018\/09\/coopra.png 1325w, https:\/\/www.febab.org\/cbbu\/wp-content\/uploads\/2018\/09\/coopra-300x174.png 300w, https:\/\/www.febab.org\/cbbu\/wp-content\/uploads\/2018\/09\/coopra-768x445.png 768w, https:\/\/www.febab.org\/cbbu\/wp-content\/uploads\/2018\/09\/coopra-1024x594.png 1024w\" sizes=\"(max-width: 537px) 100vw, 537px\" \/><\/p>\n<p>O Coopera \u00e9 uma iniciativa da Comiss\u00e3o Brasileira de Bibliotecas Universit\u00e1rias que constitui-se em um ambiente dedicado a um servi\u00e7o de integra\u00e7\u00e3o e coopera\u00e7\u00e3o interinstitucional entre as bibliotecas, com o prop\u00f3sito fundamental de contribuir para que a comunidade acad\u00eamica e cientifica brasileira tenha acesso a servi\u00e7os bibliotec\u00e1rios de qualidade.<\/p>\n<p>Como aderir ao grupo Coopera no GoogleGroups veja passo a passo:<\/p>\n<p><em><strong><span style=\"color: #000000;\"><a style=\"color: #000000;\" href=\"https:\/\/prezi.com\/view\/4DNH7LfZINhEZIu9fpmD\/\">https:\/\/prezi.com\/view\/4DNH7LfZINhEZIu9fpmD\/<\/a><\/span><\/strong><\/em><\/p>\n<p>Manual de como solicitar artigos pelo grupo Coopera;<\/p>\n<p><span style=\"color: #000000;\"><em><strong><a style=\"color: #000000;\" href=\"https:\/\/prezi.com\/view\/XxgtPta10VHhFHZX9yI3\/\">https:\/\/prezi.com\/view\/XxgtPta10VHhFHZX9yI3\/<\/a><\/strong><\/em><\/span><\/p>\n","protected":false},"excerpt":{"rendered":"<p>O Coopera \u00e9 uma iniciativa da Comiss\u00e3o Brasileira de Bibliotecas Universit\u00e1rias que constitui-se em um ambiente dedicado a um servi\u00e7o de integra\u00e7\u00e3o e coopera\u00e7\u00e3o interinstitucional entre as bibliotecas, com o prop\u00f3sito fundamental de contribuir para que a comunidade acad\u00eamica e <a href=\"https:\/\/www.febab.org\/cbbu\/grupo-coopera\/\"> Read more&#8230;<\/a><\/p>\n","protected":false},"author":2,"featured_media":0,"parent":0,"menu_order":0,"comment_status":"closed","ping_status":"closed","template":"","meta":{"footnotes":""},"class_list":["post-265","page","type-page","status-publish","hentry"],"_links":{"self":[{"href":"https:\/\/www.febab.org\/cbbu\/wp-json\/wp\/v2\/pages\/265","targetHints":{"allow":["GET"]}}],"collection":[{"href":"https:\/\/www.febab.org\/cbbu\/wp-json\/wp\/v2\/pages"}],"about":[{"href":"https:\/\/www.febab.org\/cbbu\/wp-json\/wp\/v2\/types\/page"}],"author":[{"embeddable":true,"href":"https:\/\/www.febab.org\/cbbu\/wp-json\/wp\/v2\/users\/2"}],"replies":[{"embeddable":true,"href":"https:\/\/www.febab.org\/cbbu\/wp-json\/wp\/v2\/comments?post=265"}],"version-history":[{"count":7,"href":"https:\/\/www.febab.org\/cbbu\/wp-json\/wp\/v2\/pages\/265\/revisions"}],"predecessor-version":[{"id":904,"href":"https:\/\/www.febab.org\/cbbu\/wp-json\/wp\/v2\/pages\/265\/revisions\/904"}],"wp:attachment":[{"href":"https:\/\/www.febab.org\/cbbu\/wp-json\/wp\/v2\/media?parent=265"}],"curies":[{"name":"wp","href":"https:\/\/api.w.org\/{rel}","templated":true}]}}