{"id":495,"date":"2018-10-25T13:38:35","date_gmt":"2018-10-25T16:38:35","guid":{"rendered":"http:\/\/www.febab.org\/cbbu\/?page_id=495"},"modified":"2019-03-19T16:27:22","modified_gmt":"2019-03-19T19:27:22","slug":"estrutura-2","status":"publish","type":"page","link":"https:\/\/www.febab.org\/cbbu\/estrutura-2\/","title":{"rendered":"Estrutura"},"content":{"rendered":"<p><strong>Gest\u00e3o 2016-2018<\/strong><\/p>\n<p><strong>Coordena\u00e7\u00e3o:<\/strong> Katiussa Nunes Bueno<br \/>\n<strong>Assessoria acad\u00eamica:<\/strong>\u00a0Marianna Zattar<br \/>\n<strong>Diretoria de comunica\u00e7\u00e3o:<\/strong>\u00a0Lenise Di Domenico<br \/>\n<strong>Secret\u00e1rio:<\/strong>\u00a0Marcelo Mundim Rodrigues<\/p>\n<p>&nbsp;<\/p>\n<p><strong>GRUPO DE TRABALHO LIVROS IMPRESSOS (GT LIVROS IMPRESSOS)<\/strong><\/p>\n<p>Para abordar especificamente as quest\u00f5es relativas \u00e0 forma de aquisi\u00e7\u00e3o, sele\u00e7\u00e3o, avalia\u00e7\u00e3o e desbaste\/descarte de livros impressos o CBDC criou um Grupo de Trabalho, em 2014, durante o SNBU, em Belo Horizonte-MG.<br \/>\nIntegrantes:<br \/>\nEunice dos Santos Rosa (USP)<br \/>\nMarinez Moral Montana (UFSM)<br \/>\nManoela Hermes Rietjens (UFSC)<br \/>\nMarcelo Mundim Rodrigues (UFU)<br \/>\nMarcos Aur\u00e9lio Soares (UFPE)<br \/>\nRegycleia Botelho (UFMA)<\/p>\n<p>&nbsp;<\/p>\n<p><strong>Plano de trabalho:<\/strong><\/p>\n<p>Dentre as a\u00e7\u00f5es futuras, destaca-se a finaliza\u00e7\u00e3o das discuss\u00f5es dos dados coletados na pesquisa j\u00e1 realizada e a submiss\u00e3o de um artigo para divulga\u00e7\u00e3o em revista t\u00e9cnica-cient\u00edfica;<br \/>\n\u2022 A etapa seguinte ser\u00e1 o mapeamento dos crit\u00e9rios de sele\u00e7\u00e3o e descarte com a inten\u00e7\u00e3o de revelar os padr\u00f5es adotados pelas Bibliotecas das IES e destacar as boas pr\u00e1ticas e tamb\u00e9m as fragilidades na realiza\u00e7\u00e3o desta atividade;<\/p>\n<p>\u2022 Para a realiza\u00e7\u00e3o desta pr\u00f3xima etapa da pesquisa convidamos a participarem novos bibliotec\u00e1rios comprometidos com a gest\u00e3o de cole\u00e7\u00f5es em sua IES.<\/p>\n<p>&nbsp;<\/p>\n<p><strong>GRUPO DE TRABALHO DE E-BOOKS (GT eBOOKS)<\/strong><\/p>\n<p>Para tratar de quest\u00f5es referentes \u00e1 compra, assinatura, gest\u00e3o e uso dos e-books, o CBDC criou um Grupo de Trabalho espec\u00edfico para abordar o tema. Este Grupo, em 2016 realizou uma pesquisa intitulada \u201cUso de e-books pelas Bibliotecas Universit\u00e1rias do Brasil\u201d, com o objetivo de mapear os modelos de neg\u00f3cio adotados pelas institui\u00e7\u00f5es na aquisi\u00e7\u00e3o de livros eletr\u00f4nicos.<\/p>\n","protected":false},"excerpt":{"rendered":"<p>Gest\u00e3o 2016-2018 Coordena\u00e7\u00e3o: Katiussa Nunes Bueno Assessoria acad\u00eamica:\u00a0Marianna Zattar Diretoria de comunica\u00e7\u00e3o:\u00a0Lenise Di Domenico Secret\u00e1rio:\u00a0Marcelo Mundim Rodrigues &nbsp; GRUPO DE TRABALHO LIVROS IMPRESSOS (GT LIVROS IMPRESSOS) Para abordar especificamente as quest\u00f5es relativas \u00e0 forma de aquisi\u00e7\u00e3o, sele\u00e7\u00e3o, avalia\u00e7\u00e3o e desbaste\/descarte <a href=\"https:\/\/www.febab.org\/cbbu\/estrutura-2\/\"> Read more&#8230;<\/a><\/p>\n","protected":false},"author":2,"featured_media":0,"parent":0,"menu_order":0,"comment_status":"closed","ping_status":"closed","template":"","meta":{"footnotes":""},"class_list":["post-495","page","type-page","status-publish","hentry"],"_links":{"self":[{"href":"https:\/\/www.febab.org\/cbbu\/wp-json\/wp\/v2\/pages\/495","targetHints":{"allow":["GET"]}}],"collection":[{"href":"https:\/\/www.febab.org\/cbbu\/wp-json\/wp\/v2\/pages"}],"about":[{"href":"https:\/\/www.febab.org\/cbbu\/wp-json\/wp\/v2\/types\/page"}],"author":[{"embeddable":true,"href":"https:\/\/www.febab.org\/cbbu\/wp-json\/wp\/v2\/users\/2"}],"replies":[{"embeddable":true,"href":"https:\/\/www.febab.org\/cbbu\/wp-json\/wp\/v2\/comments?post=495"}],"version-history":[{"count":5,"href":"https:\/\/www.febab.org\/cbbu\/wp-json\/wp\/v2\/pages\/495\/revisions"}],"predecessor-version":[{"id":620,"href":"https:\/\/www.febab.org\/cbbu\/wp-json\/wp\/v2\/pages\/495\/revisions\/620"}],"wp:attachment":[{"href":"https:\/\/www.febab.org\/cbbu\/wp-json\/wp\/v2\/media?parent=495"}],"curies":[{"name":"wp","href":"https:\/\/api.w.org\/{rel}","templated":true}]}}