{"id":557,"date":"2019-01-19T04:59:55","date_gmt":"2019-01-19T07:59:55","guid":{"rendered":"http:\/\/www.febab.org\/cbbu\/?page_id=557"},"modified":"2019-05-24T08:50:54","modified_gmt":"2019-05-24T11:50:54","slug":"relatorio","status":"publish","type":"page","link":"https:\/\/www.febab.org\/cbbu\/relatorio\/","title":{"rendered":"Relat\u00f3rio"},"content":{"rendered":"<h1>2018.<\/h1>\n<p>O Sistema de Bibliotecas e Informa\u00e7\u00e3o, SIBI, da UFRJ, membro desse comit\u00ea, cuja diretora \u00e9 a coordenadora desse Comit\u00ea, vem desenvolvendo atividades e metodologias de trabalho , a partir da cria\u00e7\u00e3o do CARE, para que ap\u00f3s testadas e homologadas sejam repassadas \u00e0s Bibliotecas Universit\u00e1rias, que poder\u00e3o fazer uso das mesmas.<\/p>\n<p>Inicialmente, para a identifica\u00e7\u00e3o do status das bibliotecas com acervos raros foram constru\u00eddos dois question\u00e1rios. O primeiro,submetido \u00e0s 45 bibliotecas, buscou identificar quais bibliotecas possuem esse tipo de cole\u00e7\u00e3o, como s\u00e3o tratadas , se h\u00e1 recursos or\u00e7ament\u00e1rios, condi\u00e7\u00f5es de guarda, uso e seguran\u00e7a.<\/p>\n<p>Em um segundo momento o objetivo foi identificar se houve furtos ou roubos nessas cole\u00e7\u00f5es e obter a rela\u00e7\u00e3o dos t\u00edtulos. Com isso a UFRJ cria o cat\u00e1logo de obras furtadas que, acredita-se, possa ser parte de um Cat\u00e1logo Nacional de Obras Raras cole\u00e7\u00f5es especiais Furtadas Brasil. Tamb\u00e9m iniciou-se a discuss\u00e3o sobre uma pol\u00edtica de tratamento t\u00e9cnico e de seguran\u00e7a para os acervos bibliogr\u00e1ficos raros.<\/p>\n<p>Com rela\u00e7\u00e3o \u00e0 cataloga\u00e7\u00e3o, est\u00e1 sendo planejado a oferta de um curso de cataloga\u00e7\u00e3o de obras raras, que esta sendo preparado com a colabora\u00e7\u00e3o de especialistas e, para a seguran\u00e7a, est\u00e1 sendo constru\u00edda a normativa para seguran\u00e7a de acervos raros na UFRJ.<\/p>\n<p>O trabalho do CARE vem sendo apresentado em outros semin\u00e1rios e f\u00f3runs de discuss\u00e3o o que ajuda na sua divulga\u00e7\u00e3o.<\/p>\n<p><em><span style=\"color: #000000;\"><a style=\"color: #000000;\" href=\"http:\/\/www.febab.org\/cbbu\/wp-content\/uploads\/2019\/01\/Relat\u00f3rio-Forum-CRE-I-CARE.pdf\"><strong>Relat\u00f3rio F\u00f3rum CRE I &#8211; CARE<\/strong><\/a><\/span><\/em><\/p>\n","protected":false},"excerpt":{"rendered":"<p>2018. O Sistema de Bibliotecas e Informa\u00e7\u00e3o, SIBI, da UFRJ, membro desse comit\u00ea, cuja diretora \u00e9 a coordenadora desse Comit\u00ea, vem desenvolvendo atividades e metodologias de trabalho , a partir da cria\u00e7\u00e3o do CARE, para que ap\u00f3s testadas e homologadas <a href=\"https:\/\/www.febab.org\/cbbu\/relatorio\/\"> Read more&#8230;<\/a><\/p>\n","protected":false},"author":2,"featured_media":0,"parent":0,"menu_order":0,"comment_status":"closed","ping_status":"closed","template":"","meta":{"footnotes":""},"class_list":["post-557","page","type-page","status-publish","hentry"],"_links":{"self":[{"href":"https:\/\/www.febab.org\/cbbu\/wp-json\/wp\/v2\/pages\/557","targetHints":{"allow":["GET"]}}],"collection":[{"href":"https:\/\/www.febab.org\/cbbu\/wp-json\/wp\/v2\/pages"}],"about":[{"href":"https:\/\/www.febab.org\/cbbu\/wp-json\/wp\/v2\/types\/page"}],"author":[{"embeddable":true,"href":"https:\/\/www.febab.org\/cbbu\/wp-json\/wp\/v2\/users\/2"}],"replies":[{"embeddable":true,"href":"https:\/\/www.febab.org\/cbbu\/wp-json\/wp\/v2\/comments?post=557"}],"version-history":[{"count":5,"href":"https:\/\/www.febab.org\/cbbu\/wp-json\/wp\/v2\/pages\/557\/revisions"}],"predecessor-version":[{"id":899,"href":"https:\/\/www.febab.org\/cbbu\/wp-json\/wp\/v2\/pages\/557\/revisions\/899"}],"wp:attachment":[{"href":"https:\/\/www.febab.org\/cbbu\/wp-json\/wp\/v2\/media?parent=557"}],"curies":[{"name":"wp","href":"https:\/\/api.w.org\/{rel}","templated":true}]}}