{"id":7,"date":"2018-08-21T12:01:05","date_gmt":"2018-08-21T15:01:05","guid":{"rendered":"http:\/\/www.febab.org\/cbbu2\/?page_id=7"},"modified":"2025-04-01T21:35:14","modified_gmt":"2025-04-02T00:35:14","slug":"estrutura","status":"publish","type":"page","link":"https:\/\/www.febab.org\/cbbu\/estrutura\/","title":{"rendered":"Estrutura"},"content":{"rendered":"\t\t<div data-elementor-type=\"wp-post\" data-elementor-id=\"7\" class=\"elementor elementor-7\">\n\t\t\t\t\t\t<section class=\"elementor-section elementor-top-section elementor-element elementor-element-17a9ed1a elementor-section-boxed elementor-section-height-default elementor-section-height-default\" data-id=\"17a9ed1a\" data-element_type=\"section\" data-e-type=\"section\">\n\t\t\t\t\t\t<div class=\"elementor-container elementor-column-gap-default\">\n\t\t\t\t\t<div class=\"elementor-column elementor-col-100 elementor-top-column elementor-element elementor-element-7be95019\" data-id=\"7be95019\" data-element_type=\"column\" data-e-type=\"column\">\n\t\t\t<div class=\"elementor-widget-wrap elementor-element-populated\">\n\t\t\t\t\t\t<div class=\"elementor-element elementor-element-6d224486 elementor-widget elementor-widget-text-editor\" data-id=\"6d224486\" data-element_type=\"widget\" data-e-type=\"widget\" data-widget_type=\"text-editor.default\">\n\t\t\t\t<div class=\"elementor-widget-container\">\n\t\t\t\t\t\t\t\t\t<p class=\"font_8\" style=\"text-align: center;\">A Comiss\u00e3o Brasileira de Bibliotecas Universit\u00e1rias (CBBU) \u00e9 constitu\u00edda sob a forma de comiss\u00e3o, sociedade civil de natureza t\u00e9cnico-cient\u00edfica, sem fins lucrativos, de dura\u00e7\u00e3o ilimitada. Sua manuten\u00e7\u00e3o se d\u00e1 atrav\u00e9s da contribui\u00e7\u00e3o anual no ato de ades\u00e3o.<\/p><p class=\"font_8\" style=\"text-align: center;\">A CBBU \u00e9 estruturada por uma diretoria e por Conselheiros Regionais. Estes possibilitam que todas as regi\u00f5es estejam representadas. Todos os filiados da CBBU podem participar da Assembleia Geral que acontece ordinariamente, de dois em dois anos.<\/p><p>\u00a0<\/p><h2 style=\"text-align: center;\">Gest\u00e3o pro tempore 2022-<\/h2><p style=\"text-align: center;\">Adriana Cybele Ferrari \u2013 USP<\/p><p style=\"text-align: center;\">Adriano Lopes \u2013 UTFPR<\/p><p style=\"text-align: center;\">Felipe Ferreira da Silva \u2013 UFC<\/p><p style=\"text-align: center;\">Leila Cristina Rodrigues de Andrade \u2013 UERJ<\/p><p style=\"text-align: center;\">Maira Nani Fran\u00e7a Moura Goulart \u2013 UFU<\/p><p style=\"text-align: center;\">Raquel da Silva Santos \u2013 UFSB<\/p><p style=\"text-align: center;\">Sigrid Karin Weiss \u2013 UFSC<\/p><div id=\"comp-jeiypjrf\" class=\"txtNew\" data-packed=\"true\"><div id=\"comp-j80ym84z\" class=\"txtNew\" data-packed=\"false\" data-min-height=\"180\"><h3>\u00a0<\/h3><h3 class=\"font_2\" style=\"text-align: center;\">Diretoria (2018-2022)<\/h3><p style=\"text-align: center;\"><strong>Presidente:<\/strong> Leonilha Maria Brasileiro Lessa\u2013 UNIFOR<\/p><p style=\"text-align: center;\"><strong>Vice-presidente:<\/strong> Maria do Carmo Cardoso Kernsnosky &#8211; UFABC<\/p><p style=\"text-align: center;\"><strong>Diretora de Planejamento e Marketing:<\/strong> Sigrid Karin Weiss &#8211; UFSC<\/p><p style=\"text-align: center;\"><span class=\"wixGuard\" style=\"font-size: 16px;\"><strong>Secret\u00e1ria:<\/strong> Mirian Cristina de Lima -UNIFOR<\/span><\/p><h1>\u00a0<\/h1><h2 style=\"text-align: center;\">Conselho Fiscal da CBBU<\/h2><\/div><\/div><p style=\"text-align: center;\">Eliete Sousa de Ara\u00fajo &#8211; CESMAC<\/p><p style=\"text-align: center;\">Paula Maria Abrantes Cotta Mello &#8211; UFRJ<\/p><p style=\"text-align: center;\">Walter Clayton de Oliveira \u2013 UNEMAT<\/p><p style=\"text-align: center;\"><img fetchpriority=\"high\" decoding=\"async\" class=\"aligncenter wp-image-1002 size-full\" src=\"http:\/\/www.febab.org\/cbbu\/wp-content\/uploads\/2020\/02\/Mapa-Conselheiros-CBBU-1.png\" alt=\"\" width=\"1280\" height=\"1024\" srcset=\"https:\/\/www.febab.org\/cbbu\/wp-content\/uploads\/2020\/02\/Mapa-Conselheiros-CBBU-1.png 1280w, https:\/\/www.febab.org\/cbbu\/wp-content\/uploads\/2020\/02\/Mapa-Conselheiros-CBBU-1-300x240.png 300w, https:\/\/www.febab.org\/cbbu\/wp-content\/uploads\/2020\/02\/Mapa-Conselheiros-CBBU-1-768x614.png 768w, https:\/\/www.febab.org\/cbbu\/wp-content\/uploads\/2020\/02\/Mapa-Conselheiros-CBBU-1-1024x819.png 1024w\" sizes=\"(max-width: 1280px) 100vw, 1280px\" \/><\/p><ul><li id=\"comp-jeiypjrf\" class=\"txtNew\" data-packed=\"true\"><em><a style=\"font-style: normal; font-weight: 400; letter-spacing: 0.5px; word-spacing: 0.5px; text-align: center;\" href=\"http:\/\/www.febab.org\/cbbu\/wp-content\/uploads\/2018\/09\/PLATAFORMA-DE-TRABALHO_atualizada-5.docx\">Plataforma de trabalho\u00a0<\/a><\/em><\/li><\/ul><p><b>Volunt\u00e1rios<\/b>:<\/p><p><em>Samoel Luiz\u00a0 Paulini CRB14 \/1661<\/em><\/p><p>Bibliotec\u00e1rio<\/p><p>Atua\u00e7\u00e3o: Webmaster<\/p><p><em>Samila Concei\u00e7\u00e3o de Brito<\/em><\/p><p>Estudante de Biblioteconomia-UFSC<\/p><p><em>Rejane Santos<\/em><\/p><p>Estudante de Letras-UFSC<\/p><p>Atua\u00e7\u00e3o: Reposit\u00f3rio Institucional\/Anais SNBUs<\/p><p><em>Junior\u00a0 Oliveira<\/em><\/p><p>Setor de refer\u00eancia- Biblioteca da\u00a0 UNIFOR<\/p><p><em>Rayra Marques<\/em><\/p><p>Setor de Treinamento e Pesquisa &#8211; Biblioteca da UNIFOR<\/p><p>Atua\u00e7\u00e3o: Designer (Artes, Cards, Flyers)<\/p><p><em>David Miranda Lucena e Avelar<\/em><\/p><p>Biblioteca da UNIFOR<\/p><p>Atua\u00e7\u00e3o : Base BIBES (desenvolvimento e alimenta\u00e7\u00e3o da planilha)<\/p><p><em>Kriselton Ximenes<\/em><\/p><p>Atua\u00e7\u00e3o: Base BIBES (desenvolvimento e alimenta\u00e7\u00e3o de planilhas<\/p><p class=\"font_8\">\u00a0<\/p>\t\t\t\t\t\t\t\t<\/div>\n\t\t\t\t<\/div>\n\t\t\t\t\t<\/div>\n\t\t<\/div>\n\t\t\t\t\t<\/div>\n\t\t<\/section>\n\t\t\t\t<\/div>\n\t\t","protected":false},"excerpt":{"rendered":"<p>A Comiss\u00e3o Brasileira de Bibliotecas Universit\u00e1rias (CBBU) \u00e9 constitu\u00edda sob a forma de comiss\u00e3o, sociedade civil de natureza t\u00e9cnico-cient\u00edfica, sem fins lucrativos, de dura\u00e7\u00e3o ilimitada. Sua manuten\u00e7\u00e3o se d\u00e1 atrav\u00e9s da contribui\u00e7\u00e3o anual no ato de ades\u00e3o. A CBBU \u00e9 <a href=\"https:\/\/www.febab.org\/cbbu\/estrutura\/\"> Read more&#8230;<\/a><\/p>\n","protected":false},"author":1,"featured_media":0,"parent":0,"menu_order":0,"comment_status":"closed","ping_status":"closed","template":"","meta":{"footnotes":""},"class_list":["post-7","page","type-page","status-publish","hentry"],"_links":{"self":[{"href":"https:\/\/www.febab.org\/cbbu\/wp-json\/wp\/v2\/pages\/7","targetHints":{"allow":["GET"]}}],"collection":[{"href":"https:\/\/www.febab.org\/cbbu\/wp-json\/wp\/v2\/pages"}],"about":[{"href":"https:\/\/www.febab.org\/cbbu\/wp-json\/wp\/v2\/types\/page"}],"author":[{"embeddable":true,"href":"https:\/\/www.febab.org\/cbbu\/wp-json\/wp\/v2\/users\/1"}],"replies":[{"embeddable":true,"href":"https:\/\/www.febab.org\/cbbu\/wp-json\/wp\/v2\/comments?post=7"}],"version-history":[{"count":44,"href":"https:\/\/www.febab.org\/cbbu\/wp-json\/wp\/v2\/pages\/7\/revisions"}],"predecessor-version":[{"id":1632,"href":"https:\/\/www.febab.org\/cbbu\/wp-json\/wp\/v2\/pages\/7\/revisions\/1632"}],"wp:attachment":[{"href":"https:\/\/www.febab.org\/cbbu\/wp-json\/wp\/v2\/media?parent=7"}],"curies":[{"name":"wp","href":"https:\/\/api.w.org\/{rel}","templated":true}]}}